{"id":38,"date":"2012-07-21T22:31:41","date_gmt":"2012-07-21T20:31:41","guid":{"rendered":"http:\/\/laberissima.com\/?page_id=38"},"modified":"2019-03-24T17:40:24","modified_gmt":"2019-03-24T16:40:24","slug":"uber-mich","status":"publish","type":"page","link":"http:\/\/laberissima.com\/?page_id=38","title":{"rendered":"\u00dcber mich"},"content":{"rendered":"\t\t<div data-elementor-type=\"wp-post\" data-elementor-id=\"38\" class=\"elementor elementor-38\" data-elementor-settings=\"[]\">\n\t\t\t\t\t\t<div class=\"elementor-inner\">\n\t\t\t\t\t\t\t<div class=\"elementor-section-wrap\">\n\t\t\t\t\t\t\t<section class=\"elementor-section elementor-top-section elementor-element elementor-element-41b9ca6f elementor-section-boxed elementor-section-height-default elementor-section-height-default\" data-id=\"41b9ca6f\" data-element_type=\"section\">\n\t\t\t\t\t\t<div class=\"elementor-container elementor-column-gap-default\">\n\t\t\t\t\t\t\t<div class=\"elementor-row\">\n\t\t\t\t\t<div class=\"elementor-column elementor-col-100 elementor-top-column elementor-element elementor-element-3dc8c953\" data-id=\"3dc8c953\" data-element_type=\"column\">\n\t\t\t<div class=\"elementor-column-wrap elementor-element-populated\">\n\t\t\t\t\t\t\t<div class=\"elementor-widget-wrap\">\n\t\t\t\t\t\t<div class=\"elementor-element elementor-element-6b1185f6 elementor-widget elementor-widget-text-editor\" data-id=\"6b1185f6\" data-element_type=\"widget\" data-widget_type=\"text-editor.default\">\n\t\t\t\t<div class=\"elementor-widget-container\">\n\t\t\t\t\t<div class=\"elementor-text-editor elementor-clearfix\"><p>\u00a0<\/p>\n<table style=\"width: 852px;\">\n<tbody>\n<tr>\n<td style=\"width: 98.4px;\">\u00a0<\/td>\n<td style=\"width: 741.6px;\">\n<h1 style=\"text-align: left;\"><span style=\"font-family: 'comic sans ms', sans-serif;\">Vita\u00a0 \u00a0<\/span><\/h1>\n<p><img loading=\"lazy\" class=\"wp-image-1475 alignright\" src=\"http:\/\/laberissima.com\/wp-content\/uploads\/2019\/03\/82.jpg\" alt=\"\" width=\"278\" height=\"100\" srcset=\"http:\/\/laberissima.com\/wp-content\/uploads\/2019\/03\/82.jpg 1920w, http:\/\/laberissima.com\/wp-content\/uploads\/2019\/03\/82-300x108.jpg 300w, http:\/\/laberissima.com\/wp-content\/uploads\/2019\/03\/82-768x276.jpg 768w, http:\/\/laberissima.com\/wp-content\/uploads\/2019\/03\/82-1024x369.jpg 1024w\" sizes=\"(max-width: 278px) 100vw, 278px\" \/><\/p>\n<p><span style=\"font-family: 'comic sans ms', sans-serif;\">Hallo und herzlich Willkommen auf meiner Homepage.<\/span><\/p>\n<p><span style=\"font-family: 'comic sans ms', sans-serif;\">Hier ein paar Informationen \u00fcber meinen k\u00fcnstlerischen Werdegang:<\/span><\/p>\n<p><span style=\"font-family: 'comic sans ms', sans-serif;\">Ich wurde 1966 geboren und bekam meinen ersten Kunstunterricht 1973 <\/span><span style=\"font-family: 'comic sans ms', sans-serif; font-size: inherit;\">bei der bekannten Johannisberger K\u00fcnstlerin Frau Erika Schlegelmilch (\u00d6l, Aquarell)<\/span><\/p>\n<p><span style=\"font-family: 'comic sans ms', sans-serif;\">1989<\/span><span style=\"font-family: 'comic sans ms', sans-serif;\"> begann ich das Studium\u00a0 &#8220;<\/span><span style=\"font-family: 'comic sans ms', sans-serif;\">Kunstp\u00e4dagogik&#8221; in Gie\u00dfen. So kam ich auch ab 1990 zu einer\u00a0 <\/span><span style=\"font-family: 'comic sans ms', sans-serif;\">3\u00bd j\u00e4hrigen Lehrt\u00e4tigkeit im Hessischen Projekt &#8220;Kunst im Strafvollzug&#8221; <\/span><span style=\"font-family: 'comic sans ms', sans-serif;\">unter der Leitung von\u00a0 <\/span><span style=\"font-family: 'comic sans ms', sans-serif;\">Frau Helga K\u00e4mpf-Jansen. (Keramik, Tonplastiken, Fig\u00fcrliche Plastiken, <\/span><span style=\"font-family: 'comic sans ms', sans-serif;\">Malerei)<\/span><\/p>\n<p><span style=\"font-family: 'comic sans ms', sans-serif;\">Sp\u00e4ter als Lehrerin in Frankfurt und anschlie\u00dfend in Eltville konnte ich mit Sch\u00fclern <\/span><span style=\"font-family: 'comic sans ms', sans-serif;\">verschiedene Kunstprojekte verwirklichen, wie z.Bsp. Theaterkulissen gestalten, Schulflure versch\u00f6nern, sogar Au\u00dfenfassaden mit Mosaiken kreieren, Kunstwettbewerbe gewinnen, Plakate f\u00fcr Aktionen erstellen etc.<\/span><\/p>\n<p><span style=\"font-family: 'comic sans ms', sans-serif; font-size: 12pt;\"><strong>Meine Arbeiten:<\/strong><\/span><\/p>\n<ul>\n<li><span style=\"font-family: 'comic sans ms', sans-serif;\">diverse Auftragsarbeiten auf Leinwand<\/span><\/li>\n<li><span style=\"font-family: 'comic sans ms', sans-serif;\">Auftr\u00e4ge f\u00fcr grafische Ausgestaltungen \u00e4gyptischer Reisef\u00fchrer<\/span><\/li>\n<li><span style=\"font-family: 'comic sans ms', sans-serif;\">grafische Bearbeitungen f\u00fcr Hotels (z. Bsp. R\u00fcdesheim)<\/span><\/li>\n<li><span style=\"font-family: 'comic sans ms', sans-serif;\">Illustrationen f\u00fcr Buchcover, Flaschenetiketten<\/span><\/li>\n<li><span style=\"font-family: 'comic sans ms', sans-serif;\">Sep 2013 Seminar \u201eStucco lustro\u201c bei Heinrich Paulus F\u00fcller<\/span><\/li>\n<li><span style=\"font-family: 'comic sans ms', sans-serif;\">Nov 2013 Seminar \u201eMarmor+Holzimitation\u201c bei Heinrich Paulus F\u00fcller Kirchenmaler, Stuckateurmeister, Restaurator)<\/span><\/li>\n<li><span style=\"font-family: 'comic sans ms', sans-serif;\">2014 Workshop &#8220;Nanas&#8221; bei Brigitte W. Karasek<\/span><\/li>\n<li><span style=\"font-family: 'comic sans ms', sans-serif;\">2016 Fotomarathon <strong>1. Platz<\/strong> in Kategorie \u201eRollentausch\u201c<\/span><\/li>\n<li><span style=\"font-family: 'comic sans ms', sans-serif;\">2016 Fotomarathon <strong>1. Platz<\/strong> in Kategorie \u201ePantomime\u201c<\/span><\/li>\n<\/ul>\n<p><span style=\"font-family: 'comic sans ms', sans-serif; font-size: 14pt;\"><strong>Ausstellungen:<\/strong><\/span><\/p>\n<p><span style=\"font-family: 'comic sans ms', sans-serif;\">1984\u00a0\u00a0\u00a0\u00a0\u00a0\u00a0\u00a0\u00a0\u00a0\u00a0\u00a0\u00a0\u00a0\u00a0\u00a0\u00a0 Gemeinschaftsausstellung B\u00fcrgerhaus Johannisberg<\/span><\/p>\n<p><span style=\"font-family: 'comic sans ms', sans-serif;\">1985\u00a0\u00a0\u00a0\u00a0\u00a0\u00a0\u00a0\u00a0\u00a0\u00a0\u00a0\u00a0\u00a0\u00a0\u00a0\u00a0 Gemeinschaftsausstellung B\u00fcrgerhaus Johannisberg<\/span><\/p>\n<p><span style=\"font-family: 'comic sans ms', sans-serif;\">1986\u00a0\u00a0\u00a0\u00a0\u00a0\u00a0\u00a0\u00a0\u00a0\u00a0\u00a0\u00a0\u00a0\u00a0\u00a0\u00a0 Gemeinschaftsausstellung B\u00fcrgerhaus Johannisberg<\/span><\/p>\n<p><span style=\"font-family: 'comic sans ms', sans-serif;\">1999\u00a0\u00a0\u00a0\u00a0\u00a0\u00a0\u00a0\u00a0\u00a0\u00a0\u00a0\u00a0\u00a0\u00a0\u00a0\u00a0 Kulturtreff \u201eDie Scheune\u201c, Geisenheim<\/span><\/p>\n<p><span style=\"font-family: 'comic sans ms', sans-serif;\">\u00a0\u00a0\u00a0\u00a0\u00a0\u00a0\u00a0\u00a0\u00a0\u00a0\u00a0\u00a0\u00a0\u00a0 \u00a0\u00a0\u00a0\u00a0\u00a0\u00a0\u00a0\u00a0\u00a0 Gemeinschaftsausstellung mit Rosa Elia<\/span><\/p>\n<p><span style=\"font-family: 'comic sans ms', sans-serif;\">2005\u00a0\u00a0\u00a0\u00a0\u00a0\u00a0\u00a0\u00a0\u00a0\u00a0\u00a0\u00a0\u00a0\u00a0\u00a0\u00a0 Geisenheimer Kunstschaufenster<\/span><\/p>\n<p><span style=\"font-family: 'comic sans ms', sans-serif;\">2007 \u00a0\u00a0\u00a0\u00a0\u00a0\u00a0\u00a0\u00a0\u00a0\u00a0\u00a0\u00a0\u00a0\u00a0 Geisenheimer Kunstschaufenster<\/span><\/p>\n<p><span style=\"font-family: 'comic sans ms', sans-serif;\">2008\u00a0\u00a0\u00a0\u00a0\u00a0\u00a0\u00a0\u00a0\u00a0\u00a0\u00a0\u00a0\u00a0\u00a0\u00a0\u00a0 Arbeiten zur Ikebana Ausstellung Wiesbaden<\/span><\/p>\n<p><span style=\"font-family: 'comic sans ms', sans-serif;\">2012\u00a0\u00a0\u00a0\u00a0\u00a0\u00a0\u00a0\u00a0\u00a0\u00a0\u00a0\u00a0\u00a0\u00a0\u00a0\u00a0 Kreativ Award Wiesbaden (<strong>1. Platz<\/strong>)<\/span><\/p>\n<p><span style=\"font-family: 'comic sans ms', sans-serif;\">2012 Juni \u00a0\u00a0\u00a0\u00a0\u00a0\u00a0\u00a0 Galerie \u201eKleiner Prinz\u201c, Baden-Baden<\/span><\/p>\n<p><span style=\"font-family: 'comic sans ms', sans-serif;\">2013 Aug\u00a0\u00a0\u00a0\u00a0\u00a0\u00a0\u00a0\u00a0\u00a0 Galerie \u201eKleiner Prinz\u201c, Baden-Baden<\/span><\/p>\n<p><span style=\"font-family: 'comic sans ms', sans-serif;\">2014 Mai\u00a0\u00a0\u00a0\u00a0\u00a0\u00a0\u00a0\u00a0\u00a0 Galerie \u201eKleiner Prinz\u201c, Baden-Baden, Euro Kunstplakette Silber<\/span><\/p>\n<p><span style=\"font-family: 'comic sans ms', sans-serif;\">2011 -2014 \u00a0\u00a0\u00a0\u00a0\u00a0 Dauerausstellung im Caf\u00e9 Rheinblick<\/span><\/p>\n<p><span style=\"font-family: 'comic sans ms', sans-serif;\">2015 Sep\u00a0\u00a0\u00a0\u00a0\u00a0\u00a0\u00a0\u00a0\u00a0 Galerie \u201eKleiner Prinz\u201c, Baden-Baden, <\/span><span style=\"font-family: 'comic sans ms', sans-serif;\">Euro Kunstplakette Gold<\/span><\/p>\n<p><span style=\"font-family: 'comic sans ms', sans-serif;\">2016 Feb\u00a0\u00a0\u00a0\u00a0\u00a0\u00a0\u00a0\u00a0\u00a0 Galerie \u201eKleiner Prinz\u201c, Baden-Baden, Euro Ehrenpreis<\/span><\/p>\n<p><span style=\"font-family: 'comic sans ms', sans-serif;\">2016 Mai\u00a0\u00a0\u00a0\u00a0\u00a0\u00a0\u00a0\u00a0\u00a0 Galerie \u201eKleiner Prinz\u201c, Baden-Baden<\/span><\/p>\n<p><span style=\"font-family: 'comic sans ms', sans-serif;\">2016 Juni\u00a0\u00a0\u00a0\u00a0\u00a0\u00a0\u00a0\u00a0 Gemeinschaftsausstellung, Rathaus H\u00fcnstetten-Wallbach<\/span><\/p>\n<p><span style=\"font-family: 'comic sans ms', sans-serif;\">2016 Sep \u00a0\u00a0\u00a0\u00a0\u00a0\u00a0\u00a0\u00a0 Galerie \u201eKleiner Prinz\u201c, Baden-Baden, Euro Ehrenpreis &#8211; Sonderstufe-<\/span><\/p>\n<p><span style=\"font-family: 'comic sans ms', sans-serif;\">2016 Nov\u00a0\u00a0\u00a0\u00a0\u00a0\u00a0\u00a0\u00a0\u00a0 Galerie \u201eKleiner Prinz\u201c, Baden-Baden<\/span><\/p>\n<p><span style=\"font-family: 'comic sans ms', sans-serif;\">2016 Dez\u00a0\u00a0\u00a0\u00a0\u00a0\u00a0\u00a0\u00a0\u00a0 Galerie \u201eKleiner Prinz\u201c, Baden-Baden<\/span><\/p>\n<p><span style=\"font-family: 'comic sans ms', sans-serif;\">2017 Juni\u00a0\u00a0\u00a0\u00a0\u00a0\u00a0\u00a0\u00a0 Gemeinschaftsausstellung Freudenstadt<\/span><\/p>\n<p><span style=\"font-family: 'comic sans ms', sans-serif;\">2019 Mai\/Juni\u00a0 Einzelausstellung RheinWeinWelt R\u00fcdesheim<\/span><\/p>\n<p><span style=\"font-family: 'comic sans ms', sans-serif;\">\u00a0<\/span><\/p>\n<p><span style=\"font-family: 'comic sans ms', sans-serif;\">Noch ein kleiner Hinweis zu den Fotos:<\/span><\/p>\n<p><span style=\"font-family: 'comic sans ms', sans-serif;\">Meine Aufnahmen sind nicht professionell, da ich fr\u00fcher nicht dran gedacht hatte, sie vielleicht f\u00fcr eine Homepage nutzen zu k\u00f6nnen.\u00a0<\/span><\/p>\n<\/td>\n<\/tr>\n<tr>\n<td style=\"width: 98.4px;\"><span style=\"font-family: 'comic sans ms', sans-serif;\">\u00a0<\/span><\/td>\n<td style=\"width: 741.6px;\">\n<h1 style=\"text-align: center;\">\u00a0<\/h1>\n<\/td>\n<\/tr>\n<\/tbody>\n<\/table>\n<p><!--:--><\/p>\n<p><!-- wp:media-text {\"mediaId\":906,\"mediaType\":\"image\",\"mediaWidth\":25} --><\/p>\n<div style=\"grid-template-columns: 25% auto;\">\n<figure><br \/><img loading=\"lazy\" class=\"alignleft\" src=\"http:\/\/laberissima.com\/wp-content\/uploads\/2019\/02\/f\u00fcr-homepage-001-676x1024.jpeg\" alt=\"\" width=\"282\" height=\"427\" \/><\/figure>\n<div>\n<p><!-- wp:paragraph {\"align\":\"left\",\"fontSize\":\"small\"} --><\/p>\n<p>\u00a0<\/p>\n<p>\u00a0<\/p>\n<p style=\"text-align: left;\"><strong><span style=\"font-family: 'comic sans ms', sans-serif;\">Die Kunst ist das einzig Seri\u00f6se auf der Welt, und der K\u00fcnstler ist der einzige, der nie seri\u00f6s wird. <\/span><\/strong><\/p>\n<p style=\"text-align: left;\"><strong><span style=\"font-family: 'comic sans ms', sans-serif;\">\u00a0 \u00a0 \u00a0 \u00a0 \u00a0 \u00a0 \u00a0 \u00a0 \u00a0 \u00a0 \u00a0 \u00a0 \u00a0 \u00a0 \u00a0 \u00a0 \u00a0 \u00a0 \u00a0 \u00a0 \u00a0 \u00a0 \u00a0 \u00a0 \u00a0 \u00a0 \u00a0 \u00a0 \u00a0 \u00a0 \u00a0 \u00a0 \u00a0 \u00a0 \u00a0 \u00a0 \u00a0 \u00a0 Oscar Wilde<\/span><\/strong><\/p>\n<p><!-- \/wp:paragraph --><\/p>\n<\/div>\n<\/div>\n<p><!-- \/wp:media-text --><\/p>\n<p><!-- wp:image --><\/p>\n<figure><img alt=\"\" \/><\/figure>\n<p>\u00a0\u00a0<!-- \/wp:image --><\/p><\/div>\n\t\t\t\t<\/div>\n\t\t\t\t<\/div>\n\t\t\t\t\t\t<\/div>\n\t\t\t\t\t<\/div>\n\t\t<\/div>\n\t\t\t\t\t\t\t\t<\/div>\n\t\t\t\t\t<\/div>\n\t\t<\/section>\n\t\t\t\t\t\t<\/div>\n\t\t\t\t\t\t<\/div>\n\t\t\t\t\t<\/div>\n\t\t","protected":false},"excerpt":{"rendered":"<p>&nbsp; &nbsp; Vita&nbsp; &nbsp; Hallo und herzlich Willkommen auf meiner Homepage. Hier ein paar Informationen \u00fcber meinen k\u00fcnstlerischen Werdegang: Ich wurde 1966 geboren und bekam meinen ersten Kunstunterricht 1973 bei der bekannten Johannisberger K\u00fcnstlerin Frau Erika Schlegelmilch (\u00d6l, Aquarell) 1989 begann ich das Studium&nbsp; &#8220;Kunstp\u00e4dagogik&#8221; in Gie\u00dfen. So kam ich auch ab 1990 zu einer&nbsp; [&hellip;]<\/p>\n","protected":false},"author":1,"featured_media":906,"parent":0,"menu_order":10,"comment_status":"closed","ping_status":"closed","template":"","meta":{"ngg_post_thumbnail":0},"_links":{"self":[{"href":"http:\/\/laberissima.com\/index.php?rest_route=\/wp\/v2\/pages\/38"}],"collection":[{"href":"http:\/\/laberissima.com\/index.php?rest_route=\/wp\/v2\/pages"}],"about":[{"href":"http:\/\/laberissima.com\/index.php?rest_route=\/wp\/v2\/types\/page"}],"author":[{"embeddable":true,"href":"http:\/\/laberissima.com\/index.php?rest_route=\/wp\/v2\/users\/1"}],"replies":[{"embeddable":true,"href":"http:\/\/laberissima.com\/index.php?rest_route=%2Fwp%2Fv2%2Fcomments&post=38"}],"version-history":[{"count":105,"href":"http:\/\/laberissima.com\/index.php?rest_route=\/wp\/v2\/pages\/38\/revisions"}],"predecessor-version":[{"id":1478,"href":"http:\/\/laberissima.com\/index.php?rest_route=\/wp\/v2\/pages\/38\/revisions\/1478"}],"wp:featuredmedia":[{"embeddable":true,"href":"http:\/\/laberissima.com\/index.php?rest_route=\/wp\/v2\/media\/906"}],"wp:attachment":[{"href":"http:\/\/laberissima.com\/index.php?rest_route=%2Fwp%2Fv2%2Fmedia&parent=38"}],"curies":[{"name":"wp","href":"https:\/\/api.w.org\/{rel}","templated":true}]}}